{"id":3145,"date":"2021-03-09T13:27:54","date_gmt":"2021-03-09T13:27:54","guid":{"rendered":"https:\/\/mobilaiud.ro\/product\/economic-gartenhaus\/"},"modified":"2025-01-17T11:27:32","modified_gmt":"2025-01-17T11:27:32","slug":"economic-gartenhaus","status":"publish","type":"product","link":"https:\/\/mobilaiud.ro\/de\/produkt\/economic-gartenhaus\/","title":{"rendered":"ECONOMIC GARTENHAUS"},"content":{"rendered":"<p><a href=\"https:\/\/mobilaiud.ro\/wp-content\/uploads\/2021\/04\/casuta-eco.pdf\" download=\"\">Installationsanleitung<\/a><\/p>\n<div style=\"width: 100%;\"><label>Ma\u00dfe <\/label><\/div>\n<div style=\"width: 100%; margin-top: 25px;\">\n<table class=\"dimensiuni\" style=\"width: 100%;\">\n<tbody>\n<tr style=\"border-top: solid 1px lightgrey;\">\n<td><\/td>\n<th scope=\"col\">L\u00e4nge<\/th>\n<th scope=\"col\">Breite<\/th>\n<th scope=\"col\">H\u00f6he<\/th>\n<\/tr>\n<tr style=\"border-top: solid 1px lightgrey; border-bottom: solid 1px lightgrey;\">\n<th style=\"padding-bottom: 25px; text-align: left;\" scope=\"row\">Haus<\/th>\n<td style=\"padding-bottom: 25px;\">120 cm<\/td>\n<td style=\"padding-bottom: 25px;\">120 cm<\/td>\n<td style=\"padding-bottom: 25px;\">200 cm<\/td>\n<\/tr>\n<\/tbody>\n<\/table>\n<p>&nbsp;<\/p>\n<\/div>\n<div style=\"width: 100%; margin-top: 25px;\">\n<table class=\"dimensiuni\" style=\"width: 957px;\" height=\"191\">\n<tbody>\n<tr style=\"border-top: solid 1px lightgrey;\">\n<td><\/td>\n<th scope=\"col\">L\u00e4nge&nbsp;<\/th>\n<th scope=\"col\">Breite&nbsp;<\/th>\n<th scope=\"col\">H\u00f6he&nbsp;<\/th>\n<th scope=\"col\">Gewicht<\/th>\n<th scope=\"col\">&nbsp;<\/p>\n<p>&nbsp;<\/th>\n<\/tr>\n<tr style=\"border-top: solid 1px lightgrey;\">\n<th scope=\"row\" style=\"text-align: center;\">Packungsgr\u00f6\u00dfe<\/th>\n<td style=\"text-align: center;\">180 cm<\/td>\n<td style=\"text-align: center;\">120 cm<\/td>\n<td style=\"text-align: center;\">28.5 cm<\/td>\n<td style=\"text-align: center;\">120 kg<\/td>\n<td style=\"text-align: center;\"><\/td>\n<\/tr>\n<tr style=\"border-top: solid 1px lightgrey;\">\n<th scope=\"row\" style=\"text-align: center;\">Palettengr\u00f6\u00dfe<\/th>\n<td style=\"text-align: center;\">180 cm<\/td>\n<td style=\"text-align: center;\">120 cm<\/td>\n<td style=\"text-align: center;\">115 cm<\/td>\n<td style=\"text-align: center;\">120 kg<\/td>\n<td style=\"text-align: center;\"><\/td>\n<\/tr>\n<\/tbody>\n<\/table>\n<\/div>\n<p>&nbsp;<\/p>\n<p>Holz:<\/p>\n<ul>\n<li>Veredelung mit wasserbasierten Lacken, die die Holzfaser und ihre Sch\u00f6nheit hervorheben.<\/li>\n<\/ul>\n<table class=\"dimensiuni\" style=\"width: 100%;\">\n<tbody>\n<tr style=\"border-top: solid 0px lightgrey;\">\n<th scope=\"col\" style=\"width: 25%; text-align: center;\"><img loading=\"lazy\" src=\"https:\/\/mobilaiud.ro\/wp-content\/uploads\/2018\/10\/lemn-natur.jpg\" alt=\"\" width=\"50\" height=\"50\" class=\"alignnone size-full wp-image-237\"><br \/>\nNatur<\/th>\n<th scope=\"col\"><\/th>\n<th scope=\"col\"><\/th>\n<th scope=\"col\"><\/th>\n<\/tr>\n<\/tbody>\n<\/table>\n","protected":false},"excerpt":{"rendered":"<p>Installationsanleitung Ma\u00dfe L\u00e4nge Breite H\u00f6he Haus 120 cm 120 cm 200 cm &nbsp; L\u00e4nge&nbsp; Breite&nbsp; H\u00f6he&nbsp; Gewicht &nbsp; &nbsp; Packungsgr\u00f6\u00dfe 180 cm 120 cm 28.5 cm 120 kg Palettengr\u00f6\u00dfe 180 cm 120 cm 115 cm 120 kg &nbsp; Holz: Veredelung mit wasserbasierten Lacken, die die Holzfaser und ihre Sch\u00f6nheit hervorheben. [&hellip;]<\/p>\n","protected":false},"featured_media":3499,"template":"","meta":{"ngg_post_thumbnail":0},"product_cat":[76,51],"product_tag":[],"aioseo_notices":[],"_links":{"self":[{"href":"https:\/\/mobilaiud.ro\/de\/wp-json\/wp\/v2\/product\/3145"}],"collection":[{"href":"https:\/\/mobilaiud.ro\/de\/wp-json\/wp\/v2\/product"}],"about":[{"href":"https:\/\/mobilaiud.ro\/de\/wp-json\/wp\/v2\/types\/product"}],"wp:featuredmedia":[{"embeddable":true,"href":"https:\/\/mobilaiud.ro\/de\/wp-json\/wp\/v2\/media\/3499"}],"wp:attachment":[{"href":"https:\/\/mobilaiud.ro\/de\/wp-json\/wp\/v2\/media?parent=3145"}],"wp:term":[{"taxonomy":"product_cat","embeddable":true,"href":"https:\/\/mobilaiud.ro\/de\/wp-json\/wp\/v2\/product_cat?post=3145"},{"taxonomy":"product_tag","embeddable":true,"href":"https:\/\/mobilaiud.ro\/de\/wp-json\/wp\/v2\/product_tag?post=3145"}],"curies":[{"name":"wp","href":"https:\/\/api.w.org\/{rel}","templated":true}]}}